{"id":2253,"date":"2020-02-03T12:00:03","date_gmt":"2020-02-03T11:00:03","guid":{"rendered":"https:\/\/guillou-construction.fr\/?post_type=project&#038;p=2253"},"modified":"2020-09-28T16:56:35","modified_gmt":"2020-09-28T14:56:35","slug":"immeuble-city-square","status":"publish","type":"project","link":"https:\/\/guillou-construction.fr\/project\/immeuble-city-square\/","title":{"rendered":"Immeuble CITY SQUARE"},"content":{"rendered":"<p>[et_pb_section fb_built=\u00a0\u00bb1&Prime; fullwidth=\u00a0\u00bbon\u00a0\u00bb module_class=\u00a0\u00bbproject-header\u00a0\u00bb _builder_version=\u00a0\u00bb4.5.6&Prime; hover_enabled=\u00a0\u00bb0&Prime;][et_pb_fullwidth_post_title meta=\u00a0\u00bboff\u00a0\u00bb featured_placement=\u00a0\u00bbbackground\u00a0\u00bb text_color=\u00a0\u00bblight\u00a0\u00bb _builder_version=\u00a0\u00bb4.5.6&Prime; parallax=\u00a0\u00bbon\u00a0\u00bb parallax_method=\u00a0\u00bboff\u00a0\u00bb text_orientation=\u00a0\u00bbcenter\u00a0\u00bb custom_css_main_element=\u00a0\u00bbbackground-position:center;\u00a0\u00bb parallax_effect=\u00a0\u00bbon\u00a0\u00bb][\/et_pb_fullwidth_post_title][\/et_pb_section][et_pb_section fb_built=\u00a0\u00bb1&Prime; _builder_version=\u00a0\u00bb3.22&Prime;][et_pb_row module_class=\u00a0\u00bbheader-with-button\u00a0\u00bb _builder_version=\u00a0\u00bb3.25&Prime; custom_padding=\u00a0\u00bb||0px|\u00a0\u00bb][et_pb_column type=\u00a0\u00bb4_4&Prime; _builder_version=\u00a0\u00bb3.25&Prime; background_position=\u00a0\u00bbtop_left\u00a0\u00bb custom_padding=\u00a0\u00bb|||\u00a0\u00bb custom_padding__hover=\u00a0\u00bb|||\u00a0\u00bb][et_pb_text admin_label=\u00a0\u00bbLe projet de construction\u00a0\u00bb _builder_version=\u00a0\u00bb4.5.6&Prime; module_alignment=\u00a0\u00bbleft\u00a0\u00bb]<\/p>\n<h1>Un projet de construction collectif \u00e0 Rez\u00e9<\/h1>\n<p>[\/et_pb_text][\/et_pb_column][\/et_pb_row][et_pb_row custom_padding_last_edited=\u00a0\u00bbon|tablet\u00a0\u00bb disabled_on=\u00a0\u00bboff|off|off\u00a0\u00bb _builder_version=\u00a0\u00bb3.25&Prime; custom_padding=\u00a0\u00bb30px||50px|\u00a0\u00bb custom_padding_tablet=\u00a0\u00bb0px||0px|\u00a0\u00bb custom_padding_phone=\u00a0\u00bb\u00a0\u00bb collapsed=\u00a0\u00bboff\u00a0\u00bb][et_pb_column type=\u00a0\u00bb4_4&Prime; _builder_version=\u00a0\u00bb3.25&Prime; background_position=\u00a0\u00bbtop_left\u00a0\u00bb custom_padding=\u00a0\u00bb|||\u00a0\u00bb custom_padding__hover=\u00a0\u00bb|||\u00a0\u00bb][et_pb_text admin_label=\u00a0\u00bbProjet &#8211; Description\u00a0\u00bb module_class=\u00a0\u00bbproject-description\u00a0\u00bb _builder_version=\u00a0\u00bb4.5.6&Prime; module_alignment=\u00a0\u00bbleft\u00a0\u00bb hover_enabled=\u00a0\u00bb0&Prime;]R\u00e9alisation de 61 logements collectifs sur sous-sol commun et 6 maisons \u00e0 Rez\u00e9 en collaboration avec ADI en tant que ma\u00eetre d&rsquo;ouvrage et le Cabinet BOUCHETON architecte.[\/et_pb_text][\/et_pb_column][\/et_pb_row][et_pb_row column_structure=\u00a0\u00bb2_3,1_3&Prime; custom_padding_last_edited=\u00a0\u00bbon|tablet\u00a0\u00bb disabled_on=\u00a0\u00bbon|on|on\u00a0\u00bb _builder_version=\u00a0\u00bb4.5.6&Prime; custom_padding=\u00a0\u00bb30px||50px|\u00a0\u00bb custom_padding_tablet=\u00a0\u00bb0px||0px|\u00a0\u00bb custom_padding_phone=\u00a0\u00bb\u00a0\u00bb disabled=\u00a0\u00bbon\u00a0\u00bb collapsed=\u00a0\u00bboff\u00a0\u00bb][et_pb_column type=\u00a0\u00bb2_3&Prime; _builder_version=\u00a0\u00bb3.25&Prime; background_position=\u00a0\u00bbtop_left\u00a0\u00bb custom_padding=\u00a0\u00bb|||\u00a0\u00bb custom_padding__hover=\u00a0\u00bb|||\u00a0\u00bb][et_pb_text admin_label=\u00a0\u00bbProjet &#8211; Description\u00a0\u00bb module_class=\u00a0\u00bbproject-description\u00a0\u00bb _builder_version=\u00a0\u00bb4.5.6&Prime; module_alignment=\u00a0\u00bbleft\u00a0\u00bb]R\u00e9alisation de 61 logements collectifs sur sous-sol commun et 6 maisons \u00e0 Rez\u00e9 en collaboration avec ADI en tant que ma\u00eetre d&rsquo;ouvrage et le Cabinet BOUCHETON architecte.[\/et_pb_text][\/et_pb_column][et_pb_column type=\u00a0\u00bb1_3&Prime; module_class=\u00a0\u00bbproject-details\u00a0\u00bb _builder_version=\u00a0\u00bb3.25&Prime; background_position=\u00a0\u00bbtop_left\u00a0\u00bb custom_padding=\u00a0\u00bb|||\u00a0\u00bb custom_padding__hover=\u00a0\u00bb|||\u00a0\u00bb][et_pb_testimonial author=\u00a0\u00bbSerge Rondeau\u00a0\u00bb job_title=\u00a0\u00bbMaire de Challans\u00a0\u00bb admin_label=\u00a0\u00bbT\u00e9moignage client\u00a0\u00bb module_class=\u00a0\u00bbproject-testimonial\u00a0\u00bb _builder_version=\u00a0\u00bb4.2.2&Prime; use_background_color=\u00a0\u00bboff\u00a0\u00bb]<\/p>\n<p>Lorem ipsum dolor sit amet, consectetur adipiscing elit. Proin suscipit convallis facilisis. Fusce lectus ex, pretium efficitur suscipit sed, faucibus vel elit. Sed eu vestibulum leo. Phasellus at quam id.<\/p>\n<p>[\/et_pb_testimonial][\/et_pb_column][\/et_pb_row][et_pb_row column_structure=\u00a0\u00bb1_4,1_4,1_4,1_4&Prime; admin_label=\u00a0\u00bbRow &#8211; Project Details\u00a0\u00bb module_class=\u00a0\u00bbproject-details\u00a0\u00bb _builder_version=\u00a0\u00bb3.25&Prime;][et_pb_column type=\u00a0\u00bb1_4&Prime; _builder_version=\u00a0\u00bb3.25&Prime; background_position=\u00a0\u00bbtop_left\u00a0\u00bb custom_padding=\u00a0\u00bb|||\u00a0\u00bb custom_padding__hover=\u00a0\u00bb|||\u00a0\u00bb][et_pb_blurb title=\u00a0\u00bbArchitecte\u00a0\u00bb use_icon=\u00a0\u00bbon\u00a0\u00bb font_icon=\u00a0\u00bb%%149%%\u00a0\u00bb icon_placement=\u00a0\u00bbleft\u00a0\u00bb admin_label=\u00a0\u00bbArchitecte\u00a0\u00bb _builder_version=\u00a0\u00bb4.5.6&Prime; max_width_tablet=\u00a0\u00bb50px\u00a0\u00bb animation=\u00a0\u00bboff\u00a0\u00bb]<\/p>\n<p>Cabinet BOUCHETON<\/p>\n<p>[\/et_pb_blurb][\/et_pb_column][et_pb_column type=\u00a0\u00bb1_4&Prime; _builder_version=\u00a0\u00bb3.25&Prime; background_position=\u00a0\u00bbtop_left\u00a0\u00bb custom_padding=\u00a0\u00bb|||\u00a0\u00bb custom_padding__hover=\u00a0\u00bb|||\u00a0\u00bb][et_pb_blurb title=\u00a0\u00bbLocalisation\u00a0\u00bb use_icon=\u00a0\u00bbon\u00a0\u00bb font_icon=\u00a0\u00bb%%122%%\u00a0\u00bb icon_placement=\u00a0\u00bbleft\u00a0\u00bb admin_label=\u00a0\u00bbProjet &#8211; Localisation\u00a0\u00bb _builder_version=\u00a0\u00bb4.5.6&Prime; max_width_tablet=\u00a0\u00bb50px\u00a0\u00bb animation=\u00a0\u00bboff\u00a0\u00bb]<\/p>\n<p>REZ\u00c9<\/p>\n<p>[\/et_pb_blurb][\/et_pb_column][et_pb_column type=\u00a0\u00bb1_4&Prime; _builder_version=\u00a0\u00bb3.25&Prime; background_position=\u00a0\u00bbtop_left\u00a0\u00bb custom_padding=\u00a0\u00bb|||\u00a0\u00bb custom_padding__hover=\u00a0\u00bb|||\u00a0\u00bb][et_pb_blurb title=\u00a0\u00bbCat\u00e9gorie\u00a0\u00bb use_icon=\u00a0\u00bbon\u00a0\u00bb font_icon=\u00a0\u00bb%%78%%\u00a0\u00bb icon_placement=\u00a0\u00bbleft\u00a0\u00bb admin_label=\u00a0\u00bbProjet &#8211; Cat\u00e9gorie\u00a0\u00bb _builder_version=\u00a0\u00bb4.5.6&Prime; max_width_tablet=\u00a0\u00bb50px\u00a0\u00bb animation=\u00a0\u00bboff\u00a0\u00bb]<\/p>\n<p>COLLECTIF<\/p>\n<p>[\/et_pb_blurb][\/et_pb_column][et_pb_column type=\u00a0\u00bb1_4&Prime; _builder_version=\u00a0\u00bb3.25&Prime; background_position=\u00a0\u00bbtop_left\u00a0\u00bb custom_padding=\u00a0\u00bb|||\u00a0\u00bb custom_padding__hover=\u00a0\u00bb|||\u00a0\u00bb][et_pb_blurb title=\u00a0\u00bbD\u00e9lais\u00a0\u00bb use_icon=\u00a0\u00bbon\u00a0\u00bb font_icon=\u00a0\u00bb%%128%%\u00a0\u00bb icon_placement=\u00a0\u00bbleft\u00a0\u00bb disabled_on=\u00a0\u00bboff|off|off\u00a0\u00bb admin_label=\u00a0\u00bbProjet &#8211; Date\u00a0\u00bb _builder_version=\u00a0\u00bb4.5.6&Prime; max_width_tablet=\u00a0\u00bb50px\u00a0\u00bb animation=\u00a0\u00bboff\u00a0\u00bb]<\/p>\n<p>19 MOIS<\/p>\n<p>[\/et_pb_blurb][\/et_pb_column][\/et_pb_row][et_pb_row _builder_version=\u00a0\u00bb3.25&Prime; max_width=\u00a0\u00bb1600px\u00a0\u00bb use_custom_width=\u00a0\u00bbon\u00a0\u00bb custom_width_px=\u00a0\u00bb1600px\u00a0\u00bb][et_pb_column type=\u00a0\u00bb4_4&Prime; _builder_version=\u00a0\u00bb3.25&Prime; background_position=\u00a0\u00bbtop_left\u00a0\u00bb custom_padding=\u00a0\u00bb|||\u00a0\u00bb custom_padding__hover=\u00a0\u00bb|||\u00a0\u00bb][et_pb_gallery gallery_ids=\u00a0\u00bb2254,2256,2257,2258&Prime; orientation=\u00a0\u00bbportrait\u00a0\u00bb show_title_and_caption=\u00a0\u00bboff\u00a0\u00bb show_pagination=\u00a0\u00bboff\u00a0\u00bb admin_label=\u00a0\u00bbProjet &#8211; Galerie d&rsquo;images\u00a0\u00bb module_class=\u00a0\u00bbsingle-project-gallery\u00a0\u00bb _builder_version=\u00a0\u00bb4.2.2&Prime; pagination_font_size_tablet=\u00a0\u00bb51&Prime; pagination_line_height_tablet=\u00a0\u00bb2&Prime;][\/et_pb_gallery][\/et_pb_column][\/et_pb_row][et_pb_row _builder_version=\u00a0\u00bb3.25&Prime; custom_padding=\u00a0\u00bb0px||0px|\u00a0\u00bb][et_pb_column type=\u00a0\u00bb4_4&Prime; _builder_version=\u00a0\u00bb3.25&Prime; custom_padding=\u00a0\u00bb|||\u00a0\u00bb custom_padding__hover=\u00a0\u00bb|||\u00a0\u00bb][et_pb_post_nav in_same_term=\u00a0\u00bboff\u00a0\u00bb prev_text=\u00a0\u00bbProjet pr\u00e9c\u00e9dent\u00a0\u00bb next_text=\u00a0\u00bbProjet suivant\u00a0\u00bb admin_label=\u00a0\u00bbNavigation dans les projets\u00a0\u00bb _builder_version=\u00a0\u00bb4.2.2&Prime; title_text_color=\u00a0\u00bb#000000&Prime;][\/et_pb_post_nav][\/et_pb_column][\/et_pb_row][\/et_pb_section][et_pb_section fb_built=\u00a0\u00bb1&Prime; _builder_version=\u00a0\u00bb3.22&Prime; custom_margin=\u00a0\u00bb||0px|\u00a0\u00bb custom_padding=\u00a0\u00bb||0px|\u00a0\u00bb][et_pb_row module_class=\u00a0\u00bbheader-with-button\u00a0\u00bb _builder_version=\u00a0\u00bb3.25&Prime;][et_pb_column type=\u00a0\u00bb4_4&Prime; _builder_version=\u00a0\u00bb3.25&Prime; background_position=\u00a0\u00bbtop_left\u00a0\u00bb custom_padding=\u00a0\u00bb|||\u00a0\u00bb custom_padding__hover=\u00a0\u00bb|||\u00a0\u00bb][et_pb_text admin_label=\u00a0\u00bbPlus de projets\u00a0\u00bb _builder_version=\u00a0\u00bb4.2.2&Prime;]<\/p>\n<h1>Plus de projets<\/h1>\n<p>[\/et_pb_text][et_pb_button button_url=\u00a0\u00bbhttps:\/\/guillou-construction.fr\/projects\u00a0\u00bb button_text=\u00a0\u00bbVoir tous les projets\u00a0\u00bb button_alignment=\u00a0\u00bbleft\u00a0\u00bb admin_label=\u00a0\u00bbBTN : Voir tous les projets\u00a0\u00bb _builder_version=\u00a0\u00bb4.2.2&Prime; button_text_size__hover_enabled=\u00a0\u00bboff\u00a0\u00bb button_one_text_size__hover_enabled=\u00a0\u00bboff\u00a0\u00bb button_two_text_size__hover_enabled=\u00a0\u00bboff\u00a0\u00bb button_text_color__hover_enabled=\u00a0\u00bboff\u00a0\u00bb button_one_text_color__hover_enabled=\u00a0\u00bboff\u00a0\u00bb button_two_text_color__hover_enabled=\u00a0\u00bboff\u00a0\u00bb button_border_width__hover_enabled=\u00a0\u00bboff\u00a0\u00bb button_one_border_width__hover_enabled=\u00a0\u00bboff\u00a0\u00bb button_two_border_width__hover_enabled=\u00a0\u00bboff\u00a0\u00bb button_border_color__hover_enabled=\u00a0\u00bboff\u00a0\u00bb button_one_border_color__hover_enabled=\u00a0\u00bboff\u00a0\u00bb button_two_border_color__hover_enabled=\u00a0\u00bboff\u00a0\u00bb button_border_radius__hover_enabled=\u00a0\u00bboff\u00a0\u00bb button_one_border_radius__hover_enabled=\u00a0\u00bboff\u00a0\u00bb button_two_border_radius__hover_enabled=\u00a0\u00bboff\u00a0\u00bb button_letter_spacing__hover_enabled=\u00a0\u00bboff\u00a0\u00bb button_one_letter_spacing__hover_enabled=\u00a0\u00bboff\u00a0\u00bb button_two_letter_spacing__hover_enabled=\u00a0\u00bboff\u00a0\u00bb button_bg_color__hover_enabled=\u00a0\u00bboff\u00a0\u00bb button_one_bg_color__hover_enabled=\u00a0\u00bboff\u00a0\u00bb button_two_bg_color__hover_enabled=\u00a0\u00bboff\u00a0\u00bb][\/et_pb_button][\/et_pb_column][\/et_pb_row][\/et_pb_section][et_pb_section fb_built=\u00a0\u00bb1&Prime; fullwidth=\u00a0\u00bbon\u00a0\u00bb module_class=\u00a0\u00bbhomepage-fullwidth-portfolio\u00a0\u00bb _builder_version=\u00a0\u00bb3.22&Prime; custom_margin=\u00a0\u00bb||10px|\u00a0\u00bb][et_pb_fullwidth_portfolio show_date=\u00a0\u00bboff\u00a0\u00bb admin_label=\u00a0\u00bbFullwidth Portfolio (.homepage-fullwidth-portfolio)\u00a0\u00bb _builder_version=\u00a0\u00bb4.2.2&Prime; text_orientation=\u00a0\u00bbleft\u00a0\u00bb background_layout=\u00a0\u00bbdark\u00a0\u00bb portfolio_header_font_size_tablet=\u00a0\u00bb51&Prime; portfolio_header_line_height_tablet=\u00a0\u00bb2&Prime;][\/et_pb_fullwidth_portfolio][\/et_pb_section]<\/p>\n","protected":false},"excerpt":{"rendered":"<p>Un projet de construction collectif \u00e0 Rez\u00e9R\u00e9alisation de 61 logements collectifs sur sous-sol commun et 6 maisons \u00e0 Rez\u00e9 en collaboration avec ADI en tant que ma\u00eetre d&rsquo;ouvrage et le Cabinet BOUCHETON architecte.R\u00e9alisation de 61 logements collectifs sur sous-sol commun et 6 maisons \u00e0 Rez\u00e9 en collaboration avec ADI en tant que ma\u00eetre d&rsquo;ouvrage et [&hellip;]<\/p>\n","protected":false},"author":1,"featured_media":2254,"comment_status":"open","ping_status":"closed","template":"","meta":{"_et_pb_use_builder":"on","_et_pb_old_content":"","_et_gb_content_width":"","footnotes":""},"project_category":[34],"project_tag":[6,8,16,18],"class_list":["post-2253","project","type-project","status-publish","has-post-thumbnail","hentry","project_category-collectif","project_tag-css","project_tag-html","project_tag-web-design","project_tag-wordpress"],"yoast_head":"<!-- This site is optimized with the Yoast SEO plugin v25.7 - https:\/\/yoast.com\/wordpress\/plugins\/seo\/ -->\n<title>Immeuble CITY SQUARE - Guillou Construction<\/title>\n<meta name=\"robots\" content=\"index, follow, max-snippet:-1, max-image-preview:large, max-video-preview:-1\" \/>\n<link rel=\"canonical\" href=\"https:\/\/guillou-construction.fr\/project\/immeuble-city-square\/\" \/>\n<meta property=\"og:locale\" content=\"fr_FR\" \/>\n<meta property=\"og:type\" content=\"article\" \/>\n<meta property=\"og:title\" content=\"Immeuble CITY SQUARE - Guillou Construction\" \/>\n<meta property=\"og:description\" content=\"Un projet de construction collectif \u00e0 Rez\u00e9R\u00e9alisation de 61 logements collectifs sur sous-sol commun et 6 maisons \u00e0 Rez\u00e9 en collaboration avec ADI en tant que ma\u00eetre d&#039;ouvrage et le Cabinet BOUCHETON architecte.R\u00e9alisation de 61 logements collectifs sur sous-sol commun et 6 maisons \u00e0 Rez\u00e9 en collaboration avec ADI en tant que ma\u00eetre d&#039;ouvrage et [&hellip;]\" \/>\n<meta property=\"og:url\" content=\"https:\/\/guillou-construction.fr\/project\/immeuble-city-square\/\" \/>\n<meta property=\"og:site_name\" content=\"Guillou Construction\" \/>\n<meta property=\"article:modified_time\" content=\"2020-09-28T14:56:35+00:00\" \/>\n<meta property=\"og:image\" content=\"https:\/\/guillou-construction.fr\/wp-content\/uploads\/2020\/02\/guillou-construction-immeuble-X-01.jpg\" \/>\n\t<meta property=\"og:image:width\" content=\"1000\" \/>\n\t<meta property=\"og:image:height\" content=\"667\" \/>\n\t<meta property=\"og:image:type\" content=\"image\/jpeg\" \/>\n<meta name=\"twitter:card\" content=\"summary_large_image\" \/>\n<meta name=\"twitter:label1\" content=\"Dur\u00e9e de lecture estim\u00e9e\" \/>\n\t<meta name=\"twitter:data1\" content=\"5 minutes\" \/>\n<script type=\"application\/ld+json\" class=\"yoast-schema-graph\">{\"@context\":\"https:\/\/schema.org\",\"@graph\":[{\"@type\":\"WebPage\",\"@id\":\"https:\/\/guillou-construction.fr\/project\/immeuble-city-square\/\",\"url\":\"https:\/\/guillou-construction.fr\/project\/immeuble-city-square\/\",\"name\":\"Immeuble CITY SQUARE - Guillou Construction\",\"isPartOf\":{\"@id\":\"https:\/\/guillou-construction.fr\/#website\"},\"primaryImageOfPage\":{\"@id\":\"https:\/\/guillou-construction.fr\/project\/immeuble-city-square\/#primaryimage\"},\"image\":{\"@id\":\"https:\/\/guillou-construction.fr\/project\/immeuble-city-square\/#primaryimage\"},\"thumbnailUrl\":\"https:\/\/guillou-construction.fr\/wp-content\/uploads\/2020\/02\/guillou-construction-immeuble-X-01.jpg\",\"datePublished\":\"2020-02-03T11:00:03+00:00\",\"dateModified\":\"2020-09-28T14:56:35+00:00\",\"breadcrumb\":{\"@id\":\"https:\/\/guillou-construction.fr\/project\/immeuble-city-square\/#breadcrumb\"},\"inLanguage\":\"fr-FR\",\"potentialAction\":[{\"@type\":\"ReadAction\",\"target\":[\"https:\/\/guillou-construction.fr\/project\/immeuble-city-square\/\"]}]},{\"@type\":\"ImageObject\",\"inLanguage\":\"fr-FR\",\"@id\":\"https:\/\/guillou-construction.fr\/project\/immeuble-city-square\/#primaryimage\",\"url\":\"https:\/\/guillou-construction.fr\/wp-content\/uploads\/2020\/02\/guillou-construction-immeuble-X-01.jpg\",\"contentUrl\":\"https:\/\/guillou-construction.fr\/wp-content\/uploads\/2020\/02\/guillou-construction-immeuble-X-01.jpg\",\"width\":1000,\"height\":667},{\"@type\":\"BreadcrumbList\",\"@id\":\"https:\/\/guillou-construction.fr\/project\/immeuble-city-square\/#breadcrumb\",\"itemListElement\":[{\"@type\":\"ListItem\",\"position\":1,\"name\":\"Accueil\",\"item\":\"https:\/\/guillou-construction.fr\/\"},{\"@type\":\"ListItem\",\"position\":2,\"name\":\"Projets\",\"item\":\"https:\/\/guillou-construction.fr\/project\/\"},{\"@type\":\"ListItem\",\"position\":3,\"name\":\"Immeuble CITY SQUARE\"}]},{\"@type\":\"WebSite\",\"@id\":\"https:\/\/guillou-construction.fr\/#website\",\"url\":\"https:\/\/guillou-construction.fr\/\",\"name\":\"Guillou Construction\",\"description\":\"Guillou Construction\",\"potentialAction\":[{\"@type\":\"SearchAction\",\"target\":{\"@type\":\"EntryPoint\",\"urlTemplate\":\"https:\/\/guillou-construction.fr\/?s={search_term_string}\"},\"query-input\":{\"@type\":\"PropertyValueSpecification\",\"valueRequired\":true,\"valueName\":\"search_term_string\"}}],\"inLanguage\":\"fr-FR\"}]}<\/script>\n<!-- \/ Yoast SEO plugin. -->","yoast_head_json":{"title":"Immeuble CITY SQUARE - Guillou Construction","robots":{"index":"index","follow":"follow","max-snippet":"max-snippet:-1","max-image-preview":"max-image-preview:large","max-video-preview":"max-video-preview:-1"},"canonical":"https:\/\/guillou-construction.fr\/project\/immeuble-city-square\/","og_locale":"fr_FR","og_type":"article","og_title":"Immeuble CITY SQUARE - Guillou Construction","og_description":"Un projet de construction collectif \u00e0 Rez\u00e9R\u00e9alisation de 61 logements collectifs sur sous-sol commun et 6 maisons \u00e0 Rez\u00e9 en collaboration avec ADI en tant que ma\u00eetre d'ouvrage et le Cabinet BOUCHETON architecte.R\u00e9alisation de 61 logements collectifs sur sous-sol commun et 6 maisons \u00e0 Rez\u00e9 en collaboration avec ADI en tant que ma\u00eetre d'ouvrage et [&hellip;]","og_url":"https:\/\/guillou-construction.fr\/project\/immeuble-city-square\/","og_site_name":"Guillou Construction","article_modified_time":"2020-09-28T14:56:35+00:00","og_image":[{"width":1000,"height":667,"url":"https:\/\/guillou-construction.fr\/wp-content\/uploads\/2020\/02\/guillou-construction-immeuble-X-01.jpg","type":"image\/jpeg"}],"twitter_card":"summary_large_image","twitter_misc":{"Dur\u00e9e de lecture estim\u00e9e":"5 minutes"},"schema":{"@context":"https:\/\/schema.org","@graph":[{"@type":"WebPage","@id":"https:\/\/guillou-construction.fr\/project\/immeuble-city-square\/","url":"https:\/\/guillou-construction.fr\/project\/immeuble-city-square\/","name":"Immeuble CITY SQUARE - Guillou Construction","isPartOf":{"@id":"https:\/\/guillou-construction.fr\/#website"},"primaryImageOfPage":{"@id":"https:\/\/guillou-construction.fr\/project\/immeuble-city-square\/#primaryimage"},"image":{"@id":"https:\/\/guillou-construction.fr\/project\/immeuble-city-square\/#primaryimage"},"thumbnailUrl":"https:\/\/guillou-construction.fr\/wp-content\/uploads\/2020\/02\/guillou-construction-immeuble-X-01.jpg","datePublished":"2020-02-03T11:00:03+00:00","dateModified":"2020-09-28T14:56:35+00:00","breadcrumb":{"@id":"https:\/\/guillou-construction.fr\/project\/immeuble-city-square\/#breadcrumb"},"inLanguage":"fr-FR","potentialAction":[{"@type":"ReadAction","target":["https:\/\/guillou-construction.fr\/project\/immeuble-city-square\/"]}]},{"@type":"ImageObject","inLanguage":"fr-FR","@id":"https:\/\/guillou-construction.fr\/project\/immeuble-city-square\/#primaryimage","url":"https:\/\/guillou-construction.fr\/wp-content\/uploads\/2020\/02\/guillou-construction-immeuble-X-01.jpg","contentUrl":"https:\/\/guillou-construction.fr\/wp-content\/uploads\/2020\/02\/guillou-construction-immeuble-X-01.jpg","width":1000,"height":667},{"@type":"BreadcrumbList","@id":"https:\/\/guillou-construction.fr\/project\/immeuble-city-square\/#breadcrumb","itemListElement":[{"@type":"ListItem","position":1,"name":"Accueil","item":"https:\/\/guillou-construction.fr\/"},{"@type":"ListItem","position":2,"name":"Projets","item":"https:\/\/guillou-construction.fr\/project\/"},{"@type":"ListItem","position":3,"name":"Immeuble CITY SQUARE"}]},{"@type":"WebSite","@id":"https:\/\/guillou-construction.fr\/#website","url":"https:\/\/guillou-construction.fr\/","name":"Guillou Construction","description":"Guillou Construction","potentialAction":[{"@type":"SearchAction","target":{"@type":"EntryPoint","urlTemplate":"https:\/\/guillou-construction.fr\/?s={search_term_string}"},"query-input":{"@type":"PropertyValueSpecification","valueRequired":true,"valueName":"search_term_string"}}],"inLanguage":"fr-FR"}]}},"_links":{"self":[{"href":"https:\/\/guillou-construction.fr\/api\/wp\/v2\/project\/2253","targetHints":{"allow":["GET"]}}],"collection":[{"href":"https:\/\/guillou-construction.fr\/api\/wp\/v2\/project"}],"about":[{"href":"https:\/\/guillou-construction.fr\/api\/wp\/v2\/types\/project"}],"author":[{"embeddable":true,"href":"https:\/\/guillou-construction.fr\/api\/wp\/v2\/users\/1"}],"replies":[{"embeddable":true,"href":"https:\/\/guillou-construction.fr\/api\/wp\/v2\/comments?post=2253"}],"version-history":[{"count":7,"href":"https:\/\/guillou-construction.fr\/api\/wp\/v2\/project\/2253\/revisions"}],"predecessor-version":[{"id":2663,"href":"https:\/\/guillou-construction.fr\/api\/wp\/v2\/project\/2253\/revisions\/2663"}],"wp:featuredmedia":[{"embeddable":true,"href":"https:\/\/guillou-construction.fr\/api\/wp\/v2\/media\/2254"}],"wp:attachment":[{"href":"https:\/\/guillou-construction.fr\/api\/wp\/v2\/media?parent=2253"}],"wp:term":[{"taxonomy":"project_category","embeddable":true,"href":"https:\/\/guillou-construction.fr\/api\/wp\/v2\/project_category?post=2253"},{"taxonomy":"project_tag","embeddable":true,"href":"https:\/\/guillou-construction.fr\/api\/wp\/v2\/project_tag?post=2253"}],"curies":[{"name":"wp","href":"https:\/\/api.w.org\/{rel}","templated":true}]}}